{"id":740,"date":"2014-12-08T18:02:35","date_gmt":"2014-12-08T17:02:35","guid":{"rendered":"http:\/\/www.amisaintcolomban.org\/wordpress\/?page_id=740"},"modified":"2015-02-04T08:48:07","modified_gmt":"2015-02-04T07:48:07","slug":"notre-association-a-60-ans-les-photos","status":"publish","type":"page","link":"http:\/\/www.amisaintcolomban.org\/wordpress\/notre-association-a-60-ans-les-photos\/","title":{"rendered":"Notre association a 60 ans&#160;: les photos"},"content":{"rendered":"<div class=\"tiled-gallery type-rectangular tiled-gallery-unresized\" data-original-width=\"700\" data-carousel-extra='{&quot;blog_id&quot;:1,&quot;permalink&quot;:&quot;http:\\\/\\\/www.amisaintcolomban.org\\\/wordpress\\\/notre-association-a-60-ans-les-photos\\\/&quot;,&quot;likes_blog_id&quot;:80492734}' itemscope itemtype=\"http:\/\/schema.org\/ImageGallery\" > <div class=\"gallery-row\" style=\"width: 700px; height: 351px;\" data-original-width=\"700\" data-original-height=\"351\" > <div class=\"gallery-group images-1\" style=\"width: 467px; height: 351px;\" data-original-width=\"467\" data-original-height=\"351\" > <div class=\"tiled-gallery-item tiled-gallery-item-large\" itemprop=\"associatedMedia\" itemscope itemtype=\"http:\/\/schema.org\/ImageObject\"> <a href=\"http:\/\/www.amisaintcolomban.org\/wordpress\/6a1a\/\" border=\"0\" itemprop=\"url\"> <meta itemprop=\"width\" content=\"463\"> <meta itemprop=\"height\" content=\"347\"> <img data-attachment-id=\"726\" data-orig-file=\"http:\/\/www.amisaintcolomban.org\/wordpress\/wp-content\/uploads\/6A1a.jpg\" data-orig-size=\"1024,768\" data-comments-opened=\"1\" data-image-meta=\"{&quot;aperture&quot;:&quot;0&quot;,&quot;credit&quot;:&quot;&quot;,&quot;camera&quot;:&quot;&quot;,&quot;caption&quot;:&quot;&quot;,&quot;created_timestamp&quot;:&quot;0&quot;,&quot;copyright&quot;:&quot;&quot;,&quot;focal_length&quot;:&quot;0&quot;,&quot;iso&quot;:&quot;0&quot;,&quot;shutter_speed&quot;:&quot;0&quot;,&quot;title&quot;:&quot;&quot;,&quot;orientation&quot;:&quot;0&quot;}\" data-image-title=\"6A1a\" data-image-description=\"\" data-medium-file=\"http:\/\/www.amisaintcolomban.org\/wordpress\/wp-content\/uploads\/6A1a-300x225.jpg\" data-large-file=\"http:\/\/www.amisaintcolomban.org\/wordpress\/wp-content\/uploads\/6A1a.jpg\" src=\"https:\/\/i0.wp.com\/www.amisaintcolomban.org\/wordpress\/wp-content\/uploads\/6A1a.jpg?w=463&#038;h=347\" width=\"463\" height=\"347\" data-original-width=\"463\" data-original-height=\"347\" itemprop=\"http:\/\/schema.org\/image\" title=\"6A1a\" alt=\"Le p\u00e8re Jean-Paul Guyot pr\u00e9sidait la c\u00e9l\u00e9bration\" style=\"width: 463px; height: 347px;\" \/> <\/a> <div class=\"tiled-gallery-caption\" itemprop=\"caption description\"> Le p\u00e8re Jean-Paul Guyot pr\u00e9sidait la c\u00e9l\u00e9bration <\/div> <\/div> <\/div> <!-- close group --> <div class=\"gallery-group images-2\" style=\"width: 233px; height: 351px;\" data-original-width=\"233\" data-original-height=\"351\" > <div class=\"tiled-gallery-item tiled-gallery-item-small\" itemprop=\"associatedMedia\" itemscope itemtype=\"http:\/\/schema.org\/ImageObject\"> <a href=\"http:\/\/www.amisaintcolomban.org\/wordpress\/6a3a\/\" border=\"0\" itemprop=\"url\"> <meta itemprop=\"width\" content=\"229\"> <meta itemprop=\"height\" content=\"172\"> <img data-attachment-id=\"727\" data-orig-file=\"http:\/\/www.amisaintcolomban.org\/wordpress\/wp-content\/uploads\/6A3a.jpg\" data-orig-size=\"1000,750\" data-comments-opened=\"1\" data-image-meta=\"{&quot;aperture&quot;:&quot;4.9&quot;,&quot;credit&quot;:&quot;&quot;,&quot;camera&quot;:&quot;Canon PowerShot A95&quot;,&quot;caption&quot;:&quot;&quot;,&quot;created_timestamp&quot;:&quot;1216035884&quot;,&quot;copyright&quot;:&quot;&quot;,&quot;focal_length&quot;:&quot;23.40625&quot;,&quot;iso&quot;:&quot;0&quot;,&quot;shutter_speed&quot;:&quot;0.0125&quot;,&quot;title&quot;:&quot;&quot;,&quot;orientation&quot;:&quot;1&quot;}\" data-image-title=\"6A3a\" data-image-description=\"\" data-medium-file=\"http:\/\/www.amisaintcolomban.org\/wordpress\/wp-content\/uploads\/6A3a-300x225.jpg\" data-large-file=\"http:\/\/www.amisaintcolomban.org\/wordpress\/wp-content\/uploads\/6A3a.jpg\" src=\"https:\/\/i0.wp.com\/www.amisaintcolomban.org\/wordpress\/wp-content\/uploads\/6A3a.jpg?w=229&#038;h=172\" width=\"229\" height=\"172\" data-original-width=\"229\" data-original-height=\"172\" itemprop=\"http:\/\/schema.org\/image\" title=\"6A3a\" alt=\"Mot d&#039;accueil de Jean Coste\" style=\"width: 229px; height: 172px;\" \/> <\/a> <div class=\"tiled-gallery-caption\" itemprop=\"caption description\"> Mot d&rsquo;accueil de Jean Coste <\/div> <\/div> <div class=\"tiled-gallery-item tiled-gallery-item-small\" itemprop=\"associatedMedia\" itemscope itemtype=\"http:\/\/schema.org\/ImageObject\"> <a href=\"http:\/\/www.amisaintcolomban.org\/wordpress\/6a7\/\" border=\"0\" itemprop=\"url\"> <meta itemprop=\"width\" content=\"229\"> <meta itemprop=\"height\" content=\"171\"> <img data-attachment-id=\"729\" data-orig-file=\"http:\/\/www.amisaintcolomban.org\/wordpress\/wp-content\/uploads\/6A7.jpg\" data-orig-size=\"1400,1050\" data-comments-opened=\"1\" data-image-meta=\"{&quot;aperture&quot;:&quot;0&quot;,&quot;credit&quot;:&quot;&quot;,&quot;camera&quot;:&quot;&quot;,&quot;caption&quot;:&quot;&quot;,&quot;created_timestamp&quot;:&quot;0&quot;,&quot;copyright&quot;:&quot;&quot;,&quot;focal_length&quot;:&quot;0&quot;,&quot;iso&quot;:&quot;0&quot;,&quot;shutter_speed&quot;:&quot;0&quot;,&quot;title&quot;:&quot;&quot;,&quot;orientation&quot;:&quot;0&quot;}\" data-image-title=\"6A7\" data-image-description=\"\" data-medium-file=\"http:\/\/www.amisaintcolomban.org\/wordpress\/wp-content\/uploads\/6A7-300x225.jpg\" data-large-file=\"http:\/\/www.amisaintcolomban.org\/wordpress\/wp-content\/uploads\/6A7-1024x768.jpg\" src=\"https:\/\/i0.wp.com\/www.amisaintcolomban.org\/wordpress\/wp-content\/uploads\/6A7.jpg?w=229&#038;h=171\" width=\"229\" height=\"171\" data-original-width=\"229\" data-original-height=\"171\" itemprop=\"http:\/\/schema.org\/image\" title=\"6A7\" alt=\"Le docteur Cugnier d\u00e9voile la plaque\" style=\"width: 229px; height: 171px;\" \/> <\/a> <div class=\"tiled-gallery-caption\" itemprop=\"caption description\"> Le docteur Cugnier d\u00e9voile la plaque <\/div> <\/div> <\/div> <!-- close group --> <\/div> <!-- close row --> <div class=\"gallery-row\" style=\"width: 700px; height: 354px;\" data-original-width=\"700\" data-original-height=\"354\" > <div class=\"gallery-group images-2\" style=\"width: 229px; height: 354px;\" data-original-width=\"229\" data-original-height=\"354\" > <div class=\"tiled-gallery-item tiled-gallery-item-small\" itemprop=\"associatedMedia\" itemscope itemtype=\"http:\/\/schema.org\/ImageObject\"> <a href=\"http:\/\/www.amisaintcolomban.org\/wordpress\/6a8\/\" border=\"0\" itemprop=\"url\"> <meta itemprop=\"width\" content=\"225\"> <meta itemprop=\"height\" content=\"177\"> <img data-attachment-id=\"732\" data-orig-file=\"http:\/\/www.amisaintcolomban.org\/wordpress\/wp-content\/uploads\/6A8.jpg\" data-orig-size=\"603,476\" data-comments-opened=\"1\" data-image-meta=\"{&quot;aperture&quot;:&quot;0&quot;,&quot;credit&quot;:&quot;&quot;,&quot;camera&quot;:&quot;&quot;,&quot;caption&quot;:&quot;&quot;,&quot;created_timestamp&quot;:&quot;0&quot;,&quot;copyright&quot;:&quot;&quot;,&quot;focal_length&quot;:&quot;0&quot;,&quot;iso&quot;:&quot;0&quot;,&quot;shutter_speed&quot;:&quot;0&quot;,&quot;title&quot;:&quot;&quot;,&quot;orientation&quot;:&quot;0&quot;}\" data-image-title=\"6A8\" data-image-description=\"\" data-medium-file=\"http:\/\/www.amisaintcolomban.org\/wordpress\/wp-content\/uploads\/6A8-300x236.jpg\" data-large-file=\"http:\/\/www.amisaintcolomban.org\/wordpress\/wp-content\/uploads\/6A8.jpg\" src=\"https:\/\/i0.wp.com\/www.amisaintcolomban.org\/wordpress\/wp-content\/uploads\/6A8.jpg?w=225&#038;h=177\" width=\"225\" height=\"177\" data-original-width=\"225\" data-original-height=\"177\" itemprop=\"http:\/\/schema.org\/image\" title=\"6A8\" alt=\"La plaque est d\u00e9sormais en place\" style=\"width: 225px; height: 177px;\" \/> <\/a> <div class=\"tiled-gallery-caption\" itemprop=\"caption description\"> La plaque est d\u00e9sormais en place <\/div> <\/div> <div class=\"tiled-gallery-item tiled-gallery-item-small\" itemprop=\"associatedMedia\" itemscope itemtype=\"http:\/\/schema.org\/ImageObject\"> <a href=\"http:\/\/www.amisaintcolomban.org\/wordpress\/6a5a\/\" border=\"0\" itemprop=\"url\"> <meta itemprop=\"width\" content=\"225\"> <meta itemprop=\"height\" content=\"169\"> <img data-attachment-id=\"730\" data-orig-file=\"http:\/\/www.amisaintcolomban.org\/wordpress\/wp-content\/uploads\/6A5a.jpg\" data-orig-size=\"1000,750\" data-comments-opened=\"1\" data-image-meta=\"{&quot;aperture&quot;:&quot;5&quot;,&quot;credit&quot;:&quot;&quot;,&quot;camera&quot;:&quot;Canon PowerShot A95&quot;,&quot;caption&quot;:&quot;&quot;,&quot;created_timestamp&quot;:&quot;1216037555&quot;,&quot;copyright&quot;:&quot;&quot;,&quot;focal_length&quot;:&quot;7.8125&quot;,&quot;iso&quot;:&quot;0&quot;,&quot;shutter_speed&quot;:&quot;0.003125&quot;,&quot;title&quot;:&quot;&quot;,&quot;orientation&quot;:&quot;1&quot;}\" data-image-title=\"6A5a\" data-image-description=\"\" data-medium-file=\"http:\/\/www.amisaintcolomban.org\/wordpress\/wp-content\/uploads\/6A5a-300x225.jpg\" data-large-file=\"http:\/\/www.amisaintcolomban.org\/wordpress\/wp-content\/uploads\/6A5a.jpg\" src=\"https:\/\/i0.wp.com\/www.amisaintcolomban.org\/wordpress\/wp-content\/uploads\/6A5a.jpg?w=225&#038;h=169\" width=\"225\" height=\"169\" data-original-width=\"225\" data-original-height=\"169\" itemprop=\"http:\/\/schema.org\/image\" title=\"6A5a\" alt=\"Discours du pr\u00e9sident, Jean Coste\" style=\"width: 225px; height: 169px;\" \/> <\/a> <div class=\"tiled-gallery-caption\" itemprop=\"caption description\"> Discours du pr\u00e9sident, Jean Coste <\/div> <\/div> <\/div> <!-- close group --> <div class=\"gallery-group images-1\" style=\"width: 471px; height: 354px;\" data-original-width=\"471\" data-original-height=\"354\" > <div class=\"tiled-gallery-item tiled-gallery-item-large\" itemprop=\"associatedMedia\" itemscope itemtype=\"http:\/\/schema.org\/ImageObject\"> <a href=\"http:\/\/www.amisaintcolomban.org\/wordpress\/6a61\/\" border=\"0\" itemprop=\"url\"> <meta itemprop=\"width\" content=\"467\"> <meta itemprop=\"height\" content=\"350\"> <img data-attachment-id=\"731\" data-orig-file=\"http:\/\/www.amisaintcolomban.org\/wordpress\/wp-content\/uploads\/6A61.jpg\" data-orig-size=\"1462,1097\" data-comments-opened=\"1\" data-image-meta=\"{&quot;aperture&quot;:&quot;0&quot;,&quot;credit&quot;:&quot;&quot;,&quot;camera&quot;:&quot;&quot;,&quot;caption&quot;:&quot;&quot;,&quot;created_timestamp&quot;:&quot;0&quot;,&quot;copyright&quot;:&quot;&quot;,&quot;focal_length&quot;:&quot;0&quot;,&quot;iso&quot;:&quot;0&quot;,&quot;shutter_speed&quot;:&quot;0&quot;,&quot;title&quot;:&quot;&quot;,&quot;orientation&quot;:&quot;0&quot;}\" data-image-title=\"6A61\" data-image-description=\"\" data-medium-file=\"http:\/\/www.amisaintcolomban.org\/wordpress\/wp-content\/uploads\/6A61-300x225.jpg\" data-large-file=\"http:\/\/www.amisaintcolomban.org\/wordpress\/wp-content\/uploads\/6A61-1024x768.jpg\" src=\"https:\/\/i0.wp.com\/www.amisaintcolomban.org\/wordpress\/wp-content\/uploads\/6A61.jpg?w=467&#038;h=350\" width=\"467\" height=\"350\" data-original-width=\"467\" data-original-height=\"350\" itemprop=\"http:\/\/schema.org\/image\" title=\"6A61\" alt=\"Discours du docteur Cugnier\" style=\"width: 467px; height: 350px;\" \/> <\/a> <div class=\"tiled-gallery-caption\" itemprop=\"caption description\"> Discours du docteur Cugnier <\/div> <\/div> <\/div> <!-- close group --> <\/div> <!-- close row --> <div class=\"gallery-row\" style=\"width: 700px; height: 336px;\" data-original-width=\"700\" data-original-height=\"336\" > <div class=\"gallery-group images-1\" style=\"width: 447px; height: 336px;\" data-original-width=\"447\" data-original-height=\"336\" > <div class=\"tiled-gallery-item tiled-gallery-item-large\" itemprop=\"associatedMedia\" itemscope itemtype=\"http:\/\/schema.org\/ImageObject\"> <a href=\"http:\/\/www.amisaintcolomban.org\/wordpress\/6a151\/\" border=\"0\" itemprop=\"url\"> <meta itemprop=\"width\" content=\"443\"> <meta itemprop=\"height\" content=\"332\"> <img data-attachment-id=\"735\" data-orig-file=\"http:\/\/www.amisaintcolomban.org\/wordpress\/wp-content\/uploads\/6A151.jpg\" data-orig-size=\"1450,1088\" data-comments-opened=\"1\" data-image-meta=\"{&quot;aperture&quot;:&quot;0&quot;,&quot;credit&quot;:&quot;&quot;,&quot;camera&quot;:&quot;&quot;,&quot;caption&quot;:&quot;&quot;,&quot;created_timestamp&quot;:&quot;0&quot;,&quot;copyright&quot;:&quot;&quot;,&quot;focal_length&quot;:&quot;0&quot;,&quot;iso&quot;:&quot;0&quot;,&quot;shutter_speed&quot;:&quot;0&quot;,&quot;title&quot;:&quot;&quot;,&quot;orientation&quot;:&quot;0&quot;}\" data-image-title=\"6A151\" data-image-description=\"\" data-medium-file=\"http:\/\/www.amisaintcolomban.org\/wordpress\/wp-content\/uploads\/6A151-300x225.jpg\" data-large-file=\"http:\/\/www.amisaintcolomban.org\/wordpress\/wp-content\/uploads\/6A151-1024x768.jpg\" src=\"https:\/\/i0.wp.com\/www.amisaintcolomban.org\/wordpress\/wp-content\/uploads\/6A151.jpg?w=443&#038;h=332\" width=\"443\" height=\"332\" data-original-width=\"443\" data-original-height=\"332\" itemprop=\"http:\/\/schema.org\/image\" title=\"6A151\" alt=\"Un auditoire attentif\" style=\"width: 443px; height: 332px;\" \/> <\/a> <div class=\"tiled-gallery-caption\" itemprop=\"caption description\"> Un auditoire attentif <\/div> <\/div> <\/div> <!-- close group --> <div class=\"gallery-group images-1\" style=\"width: 253px; height: 336px;\" data-original-width=\"253\" data-original-height=\"336\" > <div class=\"tiled-gallery-item tiled-gallery-item-small\" itemprop=\"associatedMedia\" itemscope itemtype=\"http:\/\/schema.org\/ImageObject\"> <a href=\"http:\/\/www.amisaintcolomban.org\/wordpress\/6a16a\/\" border=\"0\" itemprop=\"url\"> <meta itemprop=\"width\" content=\"249\"> <meta itemprop=\"height\" content=\"332\"> <img data-attachment-id=\"734\" data-orig-file=\"http:\/\/www.amisaintcolomban.org\/wordpress\/wp-content\/uploads\/6A16a.jpg\" data-orig-size=\"1078,1438\" data-comments-opened=\"1\" data-image-meta=\"{&quot;aperture&quot;:&quot;0&quot;,&quot;credit&quot;:&quot;&quot;,&quot;camera&quot;:&quot;&quot;,&quot;caption&quot;:&quot;&quot;,&quot;created_timestamp&quot;:&quot;0&quot;,&quot;copyright&quot;:&quot;&quot;,&quot;focal_length&quot;:&quot;0&quot;,&quot;iso&quot;:&quot;0&quot;,&quot;shutter_speed&quot;:&quot;0&quot;,&quot;title&quot;:&quot;&quot;,&quot;orientation&quot;:&quot;0&quot;}\" data-image-title=\"6A16a\" data-image-description=\"\" data-medium-file=\"http:\/\/www.amisaintcolomban.org\/wordpress\/wp-content\/uploads\/6A16a-224x300.jpg\" data-large-file=\"http:\/\/www.amisaintcolomban.org\/wordpress\/wp-content\/uploads\/6A16a-767x1024.jpg\" src=\"https:\/\/i0.wp.com\/www.amisaintcolomban.org\/wordpress\/wp-content\/uploads\/6A16a.jpg?w=249&#038;h=332\" width=\"249\" height=\"332\" data-original-width=\"249\" data-original-height=\"332\" itemprop=\"http:\/\/schema.org\/image\" title=\"6A16a\" alt=\"Le docteur Cugnier avec son \u00e9pouse Monique\" style=\"width: 249px; height: 332px;\" \/> <\/a> <div class=\"tiled-gallery-caption\" itemprop=\"caption description\"> Le docteur Cugnier avec son \u00e9pouse Monique <\/div> <\/div> <\/div> <!-- close group --> <\/div> <!-- close row --> <div class=\"gallery-row\" style=\"width: 700px; height: 264px;\" data-original-width=\"700\" data-original-height=\"264\" > <div class=\"gallery-group images-1\" style=\"width: 350px; height: 264px;\" data-original-width=\"350\" data-original-height=\"264\" > <div class=\"tiled-gallery-item tiled-gallery-item-large\" itemprop=\"associatedMedia\" itemscope itemtype=\"http:\/\/schema.org\/ImageObject\"> <a href=\"http:\/\/www.amisaintcolomban.org\/wordpress\/6a11\/\" border=\"0\" itemprop=\"url\"> <meta itemprop=\"width\" content=\"346\"> <meta itemprop=\"height\" content=\"260\"> <img data-attachment-id=\"733\" data-orig-file=\"http:\/\/www.amisaintcolomban.org\/wordpress\/wp-content\/uploads\/6A11.jpg\" data-orig-size=\"1462,1097\" data-comments-opened=\"1\" data-image-meta=\"{&quot;aperture&quot;:&quot;0&quot;,&quot;credit&quot;:&quot;&quot;,&quot;camera&quot;:&quot;&quot;,&quot;caption&quot;:&quot;&quot;,&quot;created_timestamp&quot;:&quot;0&quot;,&quot;copyright&quot;:&quot;&quot;,&quot;focal_length&quot;:&quot;0&quot;,&quot;iso&quot;:&quot;0&quot;,&quot;shutter_speed&quot;:&quot;0&quot;,&quot;title&quot;:&quot;&quot;,&quot;orientation&quot;:&quot;0&quot;}\" data-image-title=\"6A11\" data-image-description=\"\" data-medium-file=\"http:\/\/www.amisaintcolomban.org\/wordpress\/wp-content\/uploads\/6A11-300x225.jpg\" data-large-file=\"http:\/\/www.amisaintcolomban.org\/wordpress\/wp-content\/uploads\/6A11-1024x768.jpg\" src=\"https:\/\/i0.wp.com\/www.amisaintcolomban.org\/wordpress\/wp-content\/uploads\/6A11.jpg?w=346&#038;h=260\" width=\"346\" height=\"260\" data-original-width=\"346\" data-original-height=\"260\" itemprop=\"http:\/\/schema.org\/image\" title=\"6A11\" alt=\"Les b\u00e9n\u00e9voles pr\u00e9parent le repas\" style=\"width: 346px; height: 260px;\" \/> <\/a> <div class=\"tiled-gallery-caption\" itemprop=\"caption description\"> Les b\u00e9n\u00e9voles pr\u00e9parent le repas <\/div> <\/div> <\/div> <!-- close group --> <div class=\"gallery-group images-1\" style=\"width: 350px; height: 264px;\" data-original-width=\"350\" data-original-height=\"264\" > <div class=\"tiled-gallery-item tiled-gallery-item-large\" itemprop=\"associatedMedia\" itemscope itemtype=\"http:\/\/schema.org\/ImageObject\"> <a href=\"http:\/\/www.amisaintcolomban.org\/wordpress\/6a4a\/\" border=\"0\" itemprop=\"url\"> <meta itemprop=\"width\" content=\"346\"> <meta itemprop=\"height\" content=\"260\"> <img data-attachment-id=\"728\" data-orig-file=\"http:\/\/www.amisaintcolomban.org\/wordpress\/wp-content\/uploads\/6A4a.jpg\" data-orig-size=\"1000,750\" data-comments-opened=\"1\" data-image-meta=\"{&quot;aperture&quot;:&quot;5&quot;,&quot;credit&quot;:&quot;&quot;,&quot;camera&quot;:&quot;Canon PowerShot A95&quot;,&quot;caption&quot;:&quot;&quot;,&quot;created_timestamp&quot;:&quot;1216036878&quot;,&quot;copyright&quot;:&quot;&quot;,&quot;focal_length&quot;:&quot;7.8125&quot;,&quot;iso&quot;:&quot;0&quot;,&quot;shutter_speed&quot;:&quot;0.008&quot;,&quot;title&quot;:&quot;&quot;,&quot;orientation&quot;:&quot;1&quot;}\" data-image-title=\"6A4a\" data-image-description=\"\" data-medium-file=\"http:\/\/www.amisaintcolomban.org\/wordpress\/wp-content\/uploads\/6A4a-300x225.jpg\" data-large-file=\"http:\/\/www.amisaintcolomban.org\/wordpress\/wp-content\/uploads\/6A4a.jpg\" src=\"https:\/\/i0.wp.com\/www.amisaintcolomban.org\/wordpress\/wp-content\/uploads\/6A4a.jpg?w=346&#038;h=260\" width=\"346\" height=\"260\" data-original-width=\"346\" data-original-height=\"260\" itemprop=\"http:\/\/schema.org\/image\" title=\"6A4a\" alt=\"Moment de convivialit\u00e9 autour du barbecue\" style=\"width: 346px; height: 260px;\" \/> <\/a> <div class=\"tiled-gallery-caption\" itemprop=\"caption description\"> Moment de convivialit\u00e9 autour du barbecue <\/div> <\/div> <\/div> <!-- close group --> <\/div> <!-- close row --> <div class=\"gallery-row\" style=\"width: 700px; height: 526px;\" data-original-width=\"700\" data-original-height=\"526\" > <div class=\"gallery-group images-1\" style=\"width: 700px; height: 526px;\" data-original-width=\"700\" data-original-height=\"526\" > <div class=\"tiled-gallery-item tiled-gallery-item-large\" itemprop=\"associatedMedia\" itemscope itemtype=\"http:\/\/schema.org\/ImageObject\"> <a href=\"http:\/\/www.amisaintcolomban.org\/wordpress\/6a26\/\" border=\"0\" itemprop=\"url\"> <meta itemprop=\"width\" content=\"696\"> <meta itemprop=\"height\" content=\"522\"> <img data-attachment-id=\"744\" data-orig-file=\"http:\/\/www.amisaintcolomban.org\/wordpress\/wp-content\/uploads\/6A26.jpg\" data-orig-size=\"1475,1106\" data-comments-opened=\"1\" data-image-meta=\"{&quot;aperture&quot;:&quot;0&quot;,&quot;credit&quot;:&quot;&quot;,&quot;camera&quot;:&quot;&quot;,&quot;caption&quot;:&quot;&quot;,&quot;created_timestamp&quot;:&quot;0&quot;,&quot;copyright&quot;:&quot;&quot;,&quot;focal_length&quot;:&quot;0&quot;,&quot;iso&quot;:&quot;0&quot;,&quot;shutter_speed&quot;:&quot;0&quot;,&quot;title&quot;:&quot;&quot;,&quot;orientation&quot;:&quot;0&quot;}\" data-image-title=\"6A26\" data-image-description=\"\" data-medium-file=\"http:\/\/www.amisaintcolomban.org\/wordpress\/wp-content\/uploads\/6A26-300x224.jpg\" data-large-file=\"http:\/\/www.amisaintcolomban.org\/wordpress\/wp-content\/uploads\/6A26-1024x767.jpg\" src=\"https:\/\/i0.wp.com\/www.amisaintcolomban.org\/wordpress\/wp-content\/uploads\/6A26.jpg?w=696&#038;h=522\" width=\"696\" height=\"522\" data-original-width=\"696\" data-original-height=\"522\" itemprop=\"http:\/\/schema.org\/image\" title=\"6A26\" alt=\"Le docteur avec Roger et Dani\u00e8le Dirand, charg\u00e9s de l&#039;entretien du site\" style=\"width: 696px; height: 522px;\" \/> <\/a> <div class=\"tiled-gallery-caption\" itemprop=\"caption description\"> Le docteur avec Roger et Dani\u00e8le Dirand, charg\u00e9s de l&rsquo;entretien du site <\/div> <\/div> <\/div> <!-- close group --> <\/div> <!-- close row --> <\/div>\n","protected":false},"excerpt":{"rendered":"","protected":false},"author":2,"featured_media":0,"parent":0,"menu_order":0,"comment_status":"closed","ping_status":"open","template":"","meta":{"jetpack_post_was_ever_published":false},"jetpack_sharing_enabled":true,"jetpack_shortlink":"https:\/\/wp.me\/P5rJPU-bW","_links":{"self":[{"href":"http:\/\/www.amisaintcolomban.org\/wordpress\/wp-json\/wp\/v2\/pages\/740"}],"collection":[{"href":"http:\/\/www.amisaintcolomban.org\/wordpress\/wp-json\/wp\/v2\/pages"}],"about":[{"href":"http:\/\/www.amisaintcolomban.org\/wordpress\/wp-json\/wp\/v2\/types\/page"}],"author":[{"embeddable":true,"href":"http:\/\/www.amisaintcolomban.org\/wordpress\/wp-json\/wp\/v2\/users\/2"}],"replies":[{"embeddable":true,"href":"http:\/\/www.amisaintcolomban.org\/wordpress\/wp-json\/wp\/v2\/comments?post=740"}],"version-history":[{"count":3,"href":"http:\/\/www.amisaintcolomban.org\/wordpress\/wp-json\/wp\/v2\/pages\/740\/revisions"}],"predecessor-version":[{"id":745,"href":"http:\/\/www.amisaintcolomban.org\/wordpress\/wp-json\/wp\/v2\/pages\/740\/revisions\/745"}],"wp:attachment":[{"href":"http:\/\/www.amisaintcolomban.org\/wordpress\/wp-json\/wp\/v2\/media?parent=740"}],"curies":[{"name":"wp","href":"https:\/\/api.w.org\/{rel}","templated":true}]}}