{"id":953,"date":"2015-04-28T15:34:53","date_gmt":"2015-04-28T14:34:53","guid":{"rendered":"http:\/\/www.amisaintcolomban.org\/wordpress\/?page_id=953"},"modified":"2015-04-28T15:37:54","modified_gmt":"2015-04-28T14:37:54","slug":"photos-du-26-avril-2015","status":"publish","type":"page","link":"http:\/\/www.amisaintcolomban.org\/wordpress\/photos-du-26-avril-2015\/","title":{"rendered":"Photos du 26 avril 2015"},"content":{"rendered":"<div class=\"tiled-gallery type-rectangular tiled-gallery-unresized\" data-original-width=\"700\" data-carousel-extra='{&quot;blog_id&quot;:1,&quot;permalink&quot;:&quot;http:\\\/\\\/www.amisaintcolomban.org\\\/wordpress\\\/photos-du-26-avril-2015\\\/&quot;,&quot;likes_blog_id&quot;:80492734}' itemscope itemtype=\"http:\/\/schema.org\/ImageGallery\" > <div class=\"gallery-row\" style=\"width: 700px; height: 168px;\" data-original-width=\"700\" data-original-height=\"168\" > <div class=\"gallery-group images-1\" style=\"width: 224px; height: 168px;\" data-original-width=\"224\" data-original-height=\"168\" > <div class=\"tiled-gallery-item tiled-gallery-item-small\" itemprop=\"associatedMedia\" itemscope itemtype=\"http:\/\/schema.org\/ImageObject\"> <a href=\"http:\/\/www.amisaintcolomban.org\/wordpress\/photos-du-26-avril-2015\/attachment\/001\/\" border=\"0\" itemprop=\"url\"> <meta itemprop=\"width\" content=\"220\"> <meta itemprop=\"height\" content=\"164\"> <img data-attachment-id=\"955\" data-orig-file=\"http:\/\/www.amisaintcolomban.org\/wordpress\/wp-content\/uploads\/001.jpg\" data-orig-size=\"800,598\" data-comments-opened=\"1\" data-image-meta=\"{&quot;aperture&quot;:&quot;2.8&quot;,&quot;credit&quot;:&quot;&quot;,&quot;camera&quot;:&quot;iPhone 4&quot;,&quot;caption&quot;:&quot;&quot;,&quot;created_timestamp&quot;:&quot;1429089014&quot;,&quot;copyright&quot;:&quot;&quot;,&quot;focal_length&quot;:&quot;3.85&quot;,&quot;iso&quot;:&quot;80&quot;,&quot;shutter_speed&quot;:&quot;0.033333333333333&quot;,&quot;title&quot;:&quot;&quot;,&quot;orientation&quot;:&quot;1&quot;}\" data-image-title=\"Le bassin avant\" data-image-description=\"\" data-medium-file=\"http:\/\/www.amisaintcolomban.org\/wordpress\/wp-content\/uploads\/001-300x224.jpg\" data-large-file=\"http:\/\/www.amisaintcolomban.org\/wordpress\/wp-content\/uploads\/001.jpg\" src=\"https:\/\/i0.wp.com\/www.amisaintcolomban.org\/wordpress\/wp-content\/uploads\/001.jpg?w=220&#038;h=164\" width=\"220\" height=\"164\" data-original-width=\"220\" data-original-height=\"164\" itemprop=\"http:\/\/schema.org\/image\" title=\"Le bassin avant\" alt=\"Ce que nous avons trouv\u00e9 en arrivant\" style=\"width: 220px; height: 164px;\" \/> <\/a> <div class=\"tiled-gallery-caption\" itemprop=\"caption description\"> Ce que nous avons trouv\u00e9 en arrivant <\/div> <\/div> <\/div> <!-- close group --> <div class=\"gallery-group images-1\" style=\"width: 125px; height: 168px;\" data-original-width=\"125\" data-original-height=\"168\" > <div class=\"tiled-gallery-item tiled-gallery-item-small\" itemprop=\"associatedMedia\" itemscope itemtype=\"http:\/\/schema.org\/ImageObject\"> <a href=\"http:\/\/www.amisaintcolomban.org\/wordpress\/photos-du-26-avril-2015\/attachment\/000\/\" border=\"0\" itemprop=\"url\"> <meta itemprop=\"width\" content=\"121\"> <meta itemprop=\"height\" content=\"164\"> <img data-attachment-id=\"954\" data-orig-file=\"http:\/\/www.amisaintcolomban.org\/wordpress\/wp-content\/uploads\/000.jpg\" data-orig-size=\"570,776\" data-comments-opened=\"1\" data-image-meta=\"{&quot;aperture&quot;:&quot;0&quot;,&quot;credit&quot;:&quot;&quot;,&quot;camera&quot;:&quot;&quot;,&quot;caption&quot;:&quot;&quot;,&quot;created_timestamp&quot;:&quot;0&quot;,&quot;copyright&quot;:&quot;&quot;,&quot;focal_length&quot;:&quot;0&quot;,&quot;iso&quot;:&quot;0&quot;,&quot;shutter_speed&quot;:&quot;0&quot;,&quot;title&quot;:&quot;&quot;,&quot;orientation&quot;:&quot;0&quot;}\" data-image-title=\"arriv\u00e9e d&amp;rsquo;eau\" data-image-description=\"\" data-medium-file=\"http:\/\/www.amisaintcolomban.org\/wordpress\/wp-content\/uploads\/000-220x300.jpg\" data-large-file=\"http:\/\/www.amisaintcolomban.org\/wordpress\/wp-content\/uploads\/000.jpg\" src=\"https:\/\/i0.wp.com\/www.amisaintcolomban.org\/wordpress\/wp-content\/uploads\/000.jpg?w=121&#038;h=164\" width=\"121\" height=\"164\" data-original-width=\"121\" data-original-height=\"164\" itemprop=\"http:\/\/schema.org\/image\" title=\"arriv\u00e9e d&#039;eau\" alt=\"L&#039;eau se frayait un passage \u00e0 travers la v\u00e9g\u00e9tation\" style=\"width: 121px; height: 164px;\" \/> <\/a> <div class=\"tiled-gallery-caption\" itemprop=\"caption description\"> L&rsquo;eau se frayait un passage \u00e0 travers la v\u00e9g\u00e9tation <\/div> <\/div> <\/div> <!-- close group --> <div class=\"gallery-group images-1\" style=\"width: 224px; height: 168px;\" data-original-width=\"224\" data-original-height=\"168\" > <div class=\"tiled-gallery-item tiled-gallery-item-small\" itemprop=\"associatedMedia\" itemscope itemtype=\"http:\/\/schema.org\/ImageObject\"> <a href=\"http:\/\/www.amisaintcolomban.org\/wordpress\/photos-du-26-avril-2015\/attachment\/002\/\" border=\"0\" itemprop=\"url\"> <meta itemprop=\"width\" content=\"220\"> <meta itemprop=\"height\" content=\"164\"> <img data-attachment-id=\"956\" data-orig-file=\"http:\/\/www.amisaintcolomban.org\/wordpress\/wp-content\/uploads\/002.jpg\" data-orig-size=\"800,598\" data-comments-opened=\"1\" data-image-meta=\"{&quot;aperture&quot;:&quot;2.8&quot;,&quot;credit&quot;:&quot;&quot;,&quot;camera&quot;:&quot;iPhone 4&quot;,&quot;caption&quot;:&quot;&quot;,&quot;created_timestamp&quot;:&quot;1430060208&quot;,&quot;copyright&quot;:&quot;&quot;,&quot;focal_length&quot;:&quot;3.85&quot;,&quot;iso&quot;:&quot;80&quot;,&quot;shutter_speed&quot;:&quot;0.016666666666667&quot;,&quot;title&quot;:&quot;&quot;,&quot;orientation&quot;:&quot;1&quot;}\" data-image-title=\"Le bassin nettoy\u00e9\" data-image-description=\"\" data-medium-file=\"http:\/\/www.amisaintcolomban.org\/wordpress\/wp-content\/uploads\/002-300x224.jpg\" data-large-file=\"http:\/\/www.amisaintcolomban.org\/wordpress\/wp-content\/uploads\/002.jpg\" src=\"https:\/\/i0.wp.com\/www.amisaintcolomban.org\/wordpress\/wp-content\/uploads\/002.jpg?w=220&#038;h=164\" width=\"220\" height=\"164\" data-original-width=\"220\" data-original-height=\"164\" itemprop=\"http:\/\/schema.org\/image\" title=\"Le bassin nettoy\u00e9\" alt=\"Le bassin nettoy\u00e9\" style=\"width: 220px; height: 164px;\" \/> <\/a> <div class=\"tiled-gallery-caption\" itemprop=\"caption description\"> Le bassin nettoy\u00e9 <\/div> <\/div> <\/div> <!-- close group --> <div class=\"gallery-group images-1\" style=\"width: 127px; height: 168px;\" data-original-width=\"127\" data-original-height=\"168\" > <div class=\"tiled-gallery-item tiled-gallery-item-small\" itemprop=\"associatedMedia\" itemscope itemtype=\"http:\/\/schema.org\/ImageObject\"> <a href=\"http:\/\/www.amisaintcolomban.org\/wordpress\/photos-du-26-avril-2015\/attachment\/003\/\" border=\"0\" itemprop=\"url\"> <meta itemprop=\"width\" content=\"123\"> <meta itemprop=\"height\" content=\"164\"> <img data-attachment-id=\"957\" data-orig-file=\"http:\/\/www.amisaintcolomban.org\/wordpress\/wp-content\/uploads\/003.jpg\" data-orig-size=\"800,1067\" data-comments-opened=\"1\" data-image-meta=\"{&quot;aperture&quot;:&quot;3.9&quot;,&quot;credit&quot;:&quot;&quot;,&quot;camera&quot;:&quot;FinePix Z700EXR&quot;,&quot;caption&quot;:&quot;&quot;,&quot;created_timestamp&quot;:&quot;1430050252&quot;,&quot;copyright&quot;:&quot;&quot;,&quot;focal_length&quot;:&quot;6.4&quot;,&quot;iso&quot;:&quot;400&quot;,&quot;shutter_speed&quot;:&quot;0.013333333333333&quot;,&quot;title&quot;:&quot;&quot;,&quot;orientation&quot;:&quot;1&quot;}\" data-image-title=\"St-valbert_2015\" data-image-description=\"\" data-medium-file=\"http:\/\/www.amisaintcolomban.org\/wordpress\/wp-content\/uploads\/003-225x300.jpg\" data-large-file=\"http:\/\/www.amisaintcolomban.org\/wordpress\/wp-content\/uploads\/003-768x1024.jpg\" src=\"https:\/\/i0.wp.com\/www.amisaintcolomban.org\/wordpress\/wp-content\/uploads\/003.jpg?w=123&#038;h=164\" width=\"123\" height=\"164\" data-original-width=\"123\" data-original-height=\"164\" itemprop=\"http:\/\/schema.org\/image\" title=\"St-valbert_2015\" alt=\"L&#039;\u00e9quipe des courageux d\u00e9fricheurs et terrassiers\" style=\"width: 123px; height: 164px;\" \/> <\/a> <div class=\"tiled-gallery-caption\" itemprop=\"caption description\"> L&rsquo;\u00e9quipe des courageux d\u00e9fricheurs et terrassiers <\/div> <\/div> <\/div> <!-- close group --> <\/div> <!-- close row --> <\/div>\n","protected":false},"excerpt":{"rendered":"","protected":false},"author":2,"featured_media":0,"parent":0,"menu_order":0,"comment_status":"open","ping_status":"open","template":"","meta":{"jetpack_post_was_ever_published":false},"jetpack_sharing_enabled":true,"jetpack_shortlink":"https:\/\/wp.me\/P5rJPU-fn","_links":{"self":[{"href":"http:\/\/www.amisaintcolomban.org\/wordpress\/wp-json\/wp\/v2\/pages\/953"}],"collection":[{"href":"http:\/\/www.amisaintcolomban.org\/wordpress\/wp-json\/wp\/v2\/pages"}],"about":[{"href":"http:\/\/www.amisaintcolomban.org\/wordpress\/wp-json\/wp\/v2\/types\/page"}],"author":[{"embeddable":true,"href":"http:\/\/www.amisaintcolomban.org\/wordpress\/wp-json\/wp\/v2\/users\/2"}],"replies":[{"embeddable":true,"href":"http:\/\/www.amisaintcolomban.org\/wordpress\/wp-json\/wp\/v2\/comments?post=953"}],"version-history":[{"count":1,"href":"http:\/\/www.amisaintcolomban.org\/wordpress\/wp-json\/wp\/v2\/pages\/953\/revisions"}],"predecessor-version":[{"id":958,"href":"http:\/\/www.amisaintcolomban.org\/wordpress\/wp-json\/wp\/v2\/pages\/953\/revisions\/958"}],"wp:attachment":[{"href":"http:\/\/www.amisaintcolomban.org\/wordpress\/wp-json\/wp\/v2\/media?parent=953"}],"curies":[{"name":"wp","href":"https:\/\/api.w.org\/{rel}","templated":true}]}}