{"id":588,"date":"2014-11-20T15:21:28","date_gmt":"2014-11-20T14:21:28","guid":{"rendered":"http:\/\/www.amisaintcolomban.org\/wordpress\/?page_id=588"},"modified":"2025-10-30T17:37:08","modified_gmt":"2025-10-30T16:37:08","slug":"lassociation","status":"publish","type":"page","link":"https:\/\/www.amisaintcolomban.org\/wordpress\/lassociation\/","title":{"rendered":"L&rsquo;association"},"content":{"rendered":"<p style=\"text-align: justify;\"><a href=\"http:\/\/www.amisaintcolomban.org\/wordpress\/wp-content\/uploads\/logo_transparent.png\"><img data-attachment-id=\"411\" data-permalink=\"https:\/\/www.amisaintcolomban.org\/wordpress\/page-d-exemple\/logo_transparent\/\" data-orig-file=\"https:\/\/www.amisaintcolomban.org\/wordpress\/wp-content\/uploads\/logo_transparent.png\" data-orig-size=\"805,599\" data-comments-opened=\"1\" data-image-meta=\"{&quot;aperture&quot;:&quot;0&quot;,&quot;credit&quot;:&quot;&quot;,&quot;camera&quot;:&quot;&quot;,&quot;caption&quot;:&quot;&quot;,&quot;created_timestamp&quot;:&quot;0&quot;,&quot;copyright&quot;:&quot;&quot;,&quot;focal_length&quot;:&quot;0&quot;,&quot;iso&quot;:&quot;0&quot;,&quot;shutter_speed&quot;:&quot;0&quot;,&quot;title&quot;:&quot;&quot;}\" data-image-title=\"logo_transparent\" data-image-description=\"\" data-image-caption=\"\" data-medium-file=\"https:\/\/www.amisaintcolomban.org\/wordpress\/wp-content\/uploads\/logo_transparent-300x223.png\" data-large-file=\"https:\/\/www.amisaintcolomban.org\/wordpress\/wp-content\/uploads\/logo_transparent.png\" loading=\"lazy\" class=\"alignleft wp-image-411 size-medium\" src=\"http:\/\/www.amisaintcolomban.org\/wordpress\/wp-content\/uploads\/logo_transparent-300x223.png\" alt=\"logo_transparent\" width=\"300\" height=\"223\" srcset=\"https:\/\/www.amisaintcolomban.org\/wordpress\/wp-content\/uploads\/logo_transparent-300x223.png 300w, https:\/\/www.amisaintcolomban.org\/wordpress\/wp-content\/uploads\/logo_transparent.png 805w\" sizes=\"(max-width: 300px) 100vw, 300px\" \/><\/a>L\u2019association des Amis de saint Colomban \u0153uvre depuis1948, dans le cadre du b\u00e9n\u00e9volat, \u00e0 la sauvegarde et la valorisation du patrimoine colombanien. Elle a en charge l\u2019entretien, l\u2019embellissement et la promotion des sites colombaniens&#160;: la butte d\u2019<em>Annegray <\/em>et la grotte de saint Colomban \u00e0 <em>Sainte-Marie-en-Chanois <\/em>(sites dont elle est propri\u00e9taire) et l\u2019ermitage de <em>saint Valbert <\/em>(propri\u00e9t\u00e9 du dioc\u00e8se de Besan\u00e7on).<\/p>\n<p style=\"text-align: justify;\">Son action culturelle est valoris\u00e9e, chaque ann\u00e9e \u00e0 Luxeuil, avec les <em>Tables rondes europ\u00e9ennes du patrimoine colombanien<\/em>, mais aussi par sa participation \u00e0 diverses activit\u00e9s, en France et en Europe, li\u00e9es au monachisme luxovien et \u00e0 l\u2019\u0153uvre de saint Colomban.<\/p>\n<p style=\"text-align: justify;\">L\u2019association veille aussi \u00e0 pr\u00e9server et faire conna\u00eetre l\u2019h\u00e9ritage spirituel et historique de saint Colomban et de ses successeurs.<\/p>\n<p style=\"text-align: justify;\">Notre association ne re\u00e7oit aucune subvention publique&#160;: elle ne vit que par les cotisations de ses adh\u00e9rents et l\u2019organisation de manifestations culturelles en lien avec le monachisme luxovien.<\/p>\n<p style=\"text-align: justify;\">A la fin 2023, notre association comptait 318 adh\u00e9rents, il y a encore de la place pour accueillir de nouveaux Amis&#160;: alors, rejoignez-nous dans une ambiance amicale et constructive&#160;!<\/p>\n<p><a href=\"http:\/\/www.amisaintcolomban.org\/wordpress\/wp-content\/uploads\/Bulletin-2026-.pdf\" target=\"_blank\" rel=\"noopener\">Bulletin adh\u00e9sion<\/a><\/p>\n<h4>La Gazette annuelle<\/h4>\n<p>Chaque ann\u00e9e, notre association publie sa gazette, r\u00e9sumant son activit\u00e9, les actions men\u00e9es, les projets et des articles sur l&rsquo;histoire du monast\u00e8re, de Colomban et de Luxeuil-les-Bains.<\/p>\n<p>Vous pouvez t\u00e9l\u00e9charger librement les gazettes en pdf (attention les fichiers sont lourds, merci de patienter quelques secondes avant leur ouverture). Les textes et visuels restant la propri\u00e9t\u00e9 de l&rsquo;association, merci de ne pas les reproduire sur d&rsquo;autres sites internet sans notre accord.<\/p>\n<table style=\"width: 601px;\">\n<tbody>\n<tr>\n<td style=\"width: 174px; text-align: center;\"><\/td>\n<td style=\"width: 172px; text-align: center;\"><a href=\"http:\/\/www.amisaintcolomban.org\/wordpress\/wp-content\/uploads\/GAZETTE-2024-version-de\u0301finitive-basse-de\u0301finition-2.pdf\" target=\"_blank\" rel=\"noopener\">Gazette 2024<\/a><\/td>\n<td style=\"width: 174px; text-align: center;\"><a href=\"http:\/\/www.amisaintcolomban.org\/wordpress\/gazette-2020\/\" target=\"_blank\" rel=\"noopener\">Gazette 2023<\/a><\/td>\n<\/tr>\n<tr>\n<td style=\"width: 174px; text-align: center;\"><a href=\"http:\/\/www.amisaintcolomban.org\/wordpress\/wp-content\/uploads\/gazette-2022_compressed.pdf\" target=\"_blank\" rel=\"noopener\">Gazette 2022<\/a><\/td>\n<td style=\"width: 172px; text-align: center;\"><a href=\"http:\/\/www.amisaintcolomban.org\/wordpress\/wp-content\/uploads\/Gazette-2021-AASC_bdef.pdf\" target=\"_blank\" rel=\"noopener\">Gazette 2021<\/a><\/td>\n<td style=\"width: 174px; text-align: center;\"><a href=\"http:\/\/www.amisaintcolomban.org\/wordpress\/wp-content\/uploads\/Gazette-AASC_2020_BDEF.pdf\" target=\"_blank\" rel=\"noopener noreferrer\">Gazette 2020<\/a><\/td>\n<\/tr>\n<tr style=\"height: 19px;\">\n<td style=\"height: 19px; width: 174px; text-align: center;\"><a href=\"http:\/\/www.amisaintcolomban.org\/wordpress\/wp-content\/uploads\/Gazette-AASC_2019_BDEF.pdf\" target=\"_blank\" rel=\"noopener noreferrer\">Gazette 2019<\/a><\/td>\n<td style=\"height: 19px; width: 172px; text-align: center;\"><a href=\"http:\/\/www.amisaintcolomban.org\/wordpress\/wp-content\/uploads\/Gazette-AASC_2018_BDEF.pdf\" target=\"_blank\" rel=\"noopener noreferrer\">Gazette 2018<\/a><\/td>\n<td style=\"height: 19px; width: 174px; text-align: center;\"><a href=\"http:\/\/www.amisaintcolomban.org\/wordpress\/wp-content\/uploads\/Gazette-AASC_2017_BDEF.pdf\" target=\"_blank\" rel=\"noopener noreferrer\">Gazette 2017<\/a><\/td>\n<\/tr>\n<tr style=\"height: 19px;\">\n<td style=\"height: 19px; width: 174px; text-align: center;\"><a href=\"http:\/\/www.amisaintcolomban.org\/wordpress\/wp-content\/uploads\/BAT-Gazette-2016-basse-def.pdf\">Gazette 2016<\/a><\/td>\n<td style=\"height: 19px; width: 172px; text-align: center;\"><a href=\"http:\/\/www.amisaintcolomban.org\/wordpress\/wp-content\/uploads\/Gazette-AASC_2015_BDEF.pdf\" target=\"_blank\" rel=\"noopener noreferrer\">Gazette 2015<\/a><\/td>\n<td style=\"height: 19px; width: 174px; text-align: center;\"><a href=\"http:\/\/www.amisaintcolomban.org\/wordpress\/wp-content\/uploads\/Gazette-AASC2014_Internet.pdf\" target=\"_blank\" rel=\"noopener noreferrer\">Gazette 2014<\/a><\/td>\n<\/tr>\n<tr style=\"height: 24px;\">\n<td style=\"height: 24px; width: 174px; text-align: center;\"><a href=\"http:\/\/www.amisaintcolomban.org\/wordpress\/wp-content\/uploads\/Gazette-AASC_2013_Bdef.pdf\" target=\"_blank\" rel=\"noopener noreferrer\">Gazette 2013<\/a><\/td>\n<td style=\"height: 24px; width: 172px; text-align: center;\"><a href=\"http:\/\/www.amisaintcolomban.org\/wordpress\/wp-content\/uploads\/Gazette_AASC_2012_BAT_du_4_mars.pdf\" target=\"_blank\" rel=\"noopener noreferrer\">Gazette 2012<\/a><\/td>\n<td style=\"height: 24px; width: 174px; text-align: center;\"><a href=\"http:\/\/www.amisaintcolomban.org\/wordpress\/wp-content\/uploads\/Gazette-AASC_2011_basse-def.pdf\" target=\"_blank\" rel=\"noopener noreferrer\">Gazette 2011<\/a><\/td>\n<\/tr>\n<tr style=\"height: 24px;\">\n<td style=\"height: 24px; width: 174px; text-align: center;\"><a href=\"http:\/\/www.amisaintcolomban.org\/wordpress\/wp-content\/uploads\/gazette_2010_XPinternet.pdf\" target=\"_blank\" rel=\"noopener noreferrer\">Gazette 2010<\/a><\/td>\n<td style=\"height: 24px; width: 172px; text-align: center;\"><a href=\"http:\/\/www.amisaintcolomban.org\/wordpress\/wp-content\/uploads\/gazette_2009_pour_internet_oct_10.pdf\" target=\"_blank\" rel=\"noopener noreferrer\">Gazette 2009<\/a><\/td>\n<td style=\"height: 24px; width: 174px; text-align: center;\"><a href=\"http:\/\/www.amisaintcolomban.org\/wordpress\/wp-content\/uploads\/finale_2008internet.pdf\" target=\"_blank\" rel=\"noopener noreferrer\">Gazette 2008<\/a><\/td>\n<\/tr>\n<tr style=\"height: 24px;\">\n<td style=\"height: 24px; width: 174px; text-align: center;\"><a href=\"http:\/\/www.amisaintcolomban.org\/wordpress\/wp-content\/uploads\/finale_gazette2007internet.pdf\" target=\"_blank\" rel=\"noopener noreferrer\">Gazette 2007<\/a><\/td>\n<td style=\"height: 24px; width: 172px; text-align: center;\"><a href=\"http:\/\/www.amisaintcolomban.org\/wordpress\/wp-content\/uploads\/Gazette_2006_internet.pdf\" target=\"_blank\" rel=\"noopener noreferrer\">Gazette 2006<\/a><\/td>\n<td style=\"height: 24px; width: 174px; text-align: center;\"><a href=\"http:\/\/www.amisaintcolomban.org\/wordpress\/wp-content\/uploads\/gazette_finale2005_pour_internet.pdf\" target=\"_blank\" rel=\"noopener noreferrer\">Gazette 2005<\/a><\/td>\n<\/tr>\n<\/tbody>\n<\/table>\n","protected":false},"excerpt":{"rendered":"<p>L\u2019association des Amis de saint Colomban \u0153uvre depuis1948, dans le cadre du b\u00e9n\u00e9volat, \u00e0 la sauvegarde et la valorisation du patrimoine colombanien. Elle a en charge l\u2019entretien, l\u2019embellissement et la promotion des sites colombaniens&#160;: la butte d\u2019Annegray et la grotte&hellip; <\/p>\n","protected":false},"author":3,"featured_media":547,"parent":0,"menu_order":0,"comment_status":"closed","ping_status":"open","template":"","meta":{"jetpack_post_was_ever_published":false},"jetpack_sharing_enabled":true,"jetpack_shortlink":"https:\/\/wp.me\/P5rJPU-9u","_links":{"self":[{"href":"https:\/\/www.amisaintcolomban.org\/wordpress\/wp-json\/wp\/v2\/pages\/588"}],"collection":[{"href":"https:\/\/www.amisaintcolomban.org\/wordpress\/wp-json\/wp\/v2\/pages"}],"about":[{"href":"https:\/\/www.amisaintcolomban.org\/wordpress\/wp-json\/wp\/v2\/types\/page"}],"author":[{"embeddable":true,"href":"https:\/\/www.amisaintcolomban.org\/wordpress\/wp-json\/wp\/v2\/users\/3"}],"replies":[{"embeddable":true,"href":"https:\/\/www.amisaintcolomban.org\/wordpress\/wp-json\/wp\/v2\/comments?post=588"}],"version-history":[{"count":2,"href":"https:\/\/www.amisaintcolomban.org\/wordpress\/wp-json\/wp\/v2\/pages\/588\/revisions"}],"predecessor-version":[{"id":5501,"href":"https:\/\/www.amisaintcolomban.org\/wordpress\/wp-json\/wp\/v2\/pages\/588\/revisions\/5501"}],"wp:featuredmedia":[{"embeddable":true,"href":"https:\/\/www.amisaintcolomban.org\/wordpress\/wp-json\/wp\/v2\/media\/547"}],"wp:attachment":[{"href":"https:\/\/www.amisaintcolomban.org\/wordpress\/wp-json\/wp\/v2\/media?parent=588"}],"curies":[{"name":"wp","href":"https:\/\/api.w.org\/{rel}","templated":true}]}}